{"id":621,"date":"2016-03-21T12:22:11","date_gmt":"2016-03-21T11:22:11","guid":{"rendered":"https:\/\/mkgchirurgie-regensburg.de\/2016\/?page_id=621"},"modified":"2023-11-10T11:02:31","modified_gmt":"2023-11-10T10:02:31","slug":"praxis","status":"publish","type":"page","link":"https:\/\/mkgchirurgie-regensburg.de\/2016\/","title":{"rendered":"Praxis"},"content":{"rendered":"<div id='av-layout-grid-1'  class='av-layout-grid-container av-2asnpx-b56799b4b4669fb0fd8835154ee7c75f entry-content-wrapper main_color av-flex-cells  avia-builder-el-0  avia-builder-el-no-sibling   container_wrap sidebar_right'  >\n\n<style type=\"text\/css\" data-created_by=\"avia_inline_auto\" id=\"style-css-av-22nx51-0baa9fdd96f7c60058664b5bca739ed6\">\n.flex_cell.av-22nx51-0baa9fdd96f7c60058664b5bca739ed6{\nvertical-align:top;\nheight:400px;\nmin-height:400px;\nbackground-color:#1f273b;\n}\n.responsive #top #wrap_all .flex_cell.av-22nx51-0baa9fdd96f7c60058664b5bca739ed6{\npadding:40px 40px 40px 40px !important;\n}\n<\/style>\n<div class='flex_cell av-22nx51-0baa9fdd96f7c60058664b5bca739ed6 av-gridrow-cell av_one_fourth no_margin  avia-builder-el-1  el_before_av_cell_three_fourth  avia-builder-el-first ' ><div class='flex_cell_inner'><p>\n<style type=\"text\/css\" data-created_by=\"avia_inline_auto\" id=\"style-css-av-do62l-079814adf523e8799afa36a4de239e1d\">\n#top .av-special-heading.av-do62l-079814adf523e8799afa36a4de239e1d{\npadding-bottom:10px;\ncolor:#ffffff;\n}\nbody .av-special-heading.av-do62l-079814adf523e8799afa36a4de239e1d .av-special-heading-tag .heading-char{\nfont-size:25px;\n}\n.av-special-heading.av-do62l-079814adf523e8799afa36a4de239e1d .special-heading-inner-border{\nborder-color:#ffffff;\n}\n.av-special-heading.av-do62l-079814adf523e8799afa36a4de239e1d .av-subheading{\nfont-size:15px;\n}\n<\/style>\n<div  class='av-special-heading av-do62l-079814adf523e8799afa36a4de239e1d av-special-heading-h3 custom-color-heading  avia-builder-el-2  el_before_av_textblock  avia-builder-el-first '><h3 class='av-special-heading-tag'  itemprop=\"headline\"  >Die Praxis<\/h3><div class=\"special-heading-border\"><div class=\"special-heading-inner-border\"><\/div><\/div><\/div><br \/>\n<section  class='av_textblock_section av-1tau3x-e86dde85d405dad3a7cb66655c1bd7df'  itemscope=\"itemscope\" itemtype=\"https:\/\/schema.org\/CreativeWork\" ><div class='avia_textblock'  itemprop=\"text\" ><div>\n<p>Herzlich willkommen auf den Webseiten der Praxis f\u00fcr Mund-, Kiefer- und plastische Gesichtschirurgie Dr. Stefan Legal in Regensburg.<\/p>\n<p>Wir m\u00f6chten Ihnen hier einen Einblick in die Praxis geben und Sie \u00fcber das umfangreiche Leistungsspektrum informieren.<\/p>\n<p>F\u00fcr Fragen sind wir zu den\u00a0<a href=\"https:\/\/mkgchirurgie-regensburg.de\/2016\/kontakt\/\"><b>Sprechzeiten<\/b><\/a><b>\u00a0<\/b>gerne telefonisch und in einem pers\u00f6nlichen Gespr\u00e4ch f\u00fcr Sie da.<\/p>\n<p>Sprechen Sie uns an oder schreiben Sie eine\u00a0<a href=\"mailto:info@mkgchirurgie-regensburg.de\"><b>e-mail!<\/b><\/a><\/p>\n<\/div>\n<div>\n<section class=\"av_textblock_section\">Ihr Dr. Stefan Legal<\/p>\n<\/section>\n<\/div>\n<\/div><\/section><\/p>\n<\/div><\/div>\n<style type=\"text\/css\" data-created_by=\"avia_inline_auto\" id=\"style-css-av-1lnjm5-0f111e1c911da2880a97afa2efce4c58\">\n.flex_cell.av-1lnjm5-0f111e1c911da2880a97afa2efce4c58{\nvertical-align:top;\nheight:400px;\nmin-height:400px;\n}\n.responsive #top #wrap_all .flex_cell.av-1lnjm5-0f111e1c911da2880a97afa2efce4c58{\npadding:0px 0px 0px 0px !important;\n}\n<\/style>\n<div class='flex_cell av-1lnjm5-0f111e1c911da2880a97afa2efce4c58 av-gridrow-cell av_three_fourth no_margin  avia-builder-el-4  el_after_av_cell_one_fourth  avia-builder-el-last  av-zero-padding avia-full-stretch' ><div class='flex_cell_inner'><div  class='avia-slideshow av-1esjn1-34b52e83291fc02aa6254f385d071cc7 avia-slideshow-no scaling av_slideshow avia-slide-slider  avia-builder-el-5  avia-builder-el-no-sibling  av-slideshow-ui av-control-hidden av-no-slider-navigation av-hide-nav-arrows av-slideshow-autoplay av-loop-endless av-loop-manual-endless av-default-height-applied avia-slideshow-1' data-slideshow-options=\"{&quot;animation&quot;:&quot;slide&quot;,&quot;autoplay&quot;:true,&quot;loop_autoplay&quot;:&quot;endless&quot;,&quot;interval&quot;:8,&quot;loop_manual&quot;:&quot;manual-endless&quot;,&quot;autoplay_stopper&quot;:false,&quot;noNavigation&quot;:true,&quot;bg_slider&quot;:false,&quot;keep_padding&quot;:false,&quot;hoverpause&quot;:false,&quot;show_slide_delay&quot;:0}\"  itemprop=\"image\" itemscope=\"itemscope\" itemtype=\"https:\/\/schema.org\/ImageObject\" ><ul class='avia-slideshow-inner ' style='padding-bottom: 66.25%;'><li  class='avia-slideshow-slide av-1esjn1-34b52e83291fc02aa6254f385d071cc7__0  slide-1 slide-odd'><div data-rel='slideshow-1' class='avia-slide-wrap '   ><img decoding=\"async\" class=\"wp-image-735 avia-img-lazy-loading-not-735\"  src=\"https:\/\/mkgchirurgie-regensburg.de\/2016\/wp-content\/uploads\/2016\/03\/praxis_dr_stefan_legal.jpg\" width=\"2400\" height=\"1590\" title='praxis_dr_stefan_legal' alt=''  itemprop=\"thumbnailUrl\" srcset=\"https:\/\/mkgchirurgie-regensburg.de\/2016\/wp-content\/uploads\/2016\/03\/praxis_dr_stefan_legal.jpg 2400w, https:\/\/mkgchirurgie-regensburg.de\/2016\/wp-content\/uploads\/2016\/03\/praxis_dr_stefan_legal-300x199.jpg 300w, https:\/\/mkgchirurgie-regensburg.de\/2016\/wp-content\/uploads\/2016\/03\/praxis_dr_stefan_legal-1030x682.jpg 1030w, https:\/\/mkgchirurgie-regensburg.de\/2016\/wp-content\/uploads\/2016\/03\/praxis_dr_stefan_legal-1500x994.jpg 1500w, https:\/\/mkgchirurgie-regensburg.de\/2016\/wp-content\/uploads\/2016\/03\/praxis_dr_stefan_legal-705x467.jpg 705w, https:\/\/mkgchirurgie-regensburg.de\/2016\/wp-content\/uploads\/2016\/03\/praxis_dr_stefan_legal-450x298.jpg 450w\" sizes=\"(max-width: 2400px) 100vw, 2400px\" \/><\/div><\/li><li  class='avia-slideshow-slide av-1esjn1-34b52e83291fc02aa6254f385d071cc7__1  slide-2 slide-even'><div data-rel='slideshow-1' class='avia-slide-wrap '   ><img decoding=\"async\" class=\"wp-image-1155 avia-img-lazy-loading-not-1155\"  src=\"https:\/\/mkgchirurgie-regensburg.de\/2016\/wp-content\/uploads\/2016\/08\/Dr.-Stefan-Legal_Praxis_12.jpg\" width=\"1280\" height=\"850\" title='Dr.-Stefan-Legal_Praxis_12' alt=''  itemprop=\"thumbnailUrl\" srcset=\"https:\/\/mkgchirurgie-regensburg.de\/2016\/wp-content\/uploads\/2016\/08\/Dr.-Stefan-Legal_Praxis_12.jpg 1280w, https:\/\/mkgchirurgie-regensburg.de\/2016\/wp-content\/uploads\/2016\/08\/Dr.-Stefan-Legal_Praxis_12-300x199.jpg 300w, https:\/\/mkgchirurgie-regensburg.de\/2016\/wp-content\/uploads\/2016\/08\/Dr.-Stefan-Legal_Praxis_12-768x510.jpg 768w, https:\/\/mkgchirurgie-regensburg.de\/2016\/wp-content\/uploads\/2016\/08\/Dr.-Stefan-Legal_Praxis_12-1030x684.jpg 1030w, https:\/\/mkgchirurgie-regensburg.de\/2016\/wp-content\/uploads\/2016\/08\/Dr.-Stefan-Legal_Praxis_12-705x468.jpg 705w, https:\/\/mkgchirurgie-regensburg.de\/2016\/wp-content\/uploads\/2016\/08\/Dr.-Stefan-Legal_Praxis_12-450x299.jpg 450w\" sizes=\"(max-width: 1280px) 100vw, 1280px\" \/><\/div><\/li><li  class='avia-slideshow-slide av-1esjn1-34b52e83291fc02aa6254f385d071cc7__2  slide-3 slide-odd'><div data-rel='slideshow-1' class='avia-slide-wrap '   ><img decoding=\"async\" class=\"wp-image-1153 avia-img-lazy-loading-not-1153\"  src=\"https:\/\/mkgchirurgie-regensburg.de\/2016\/wp-content\/uploads\/2016\/08\/Dr.-Stefan-Legal_Praxis_14.jpg\" width=\"1280\" height=\"850\" title='Dr.-Stefan-Legal_Praxis_14' alt=''  itemprop=\"thumbnailUrl\" srcset=\"https:\/\/mkgchirurgie-regensburg.de\/2016\/wp-content\/uploads\/2016\/08\/Dr.-Stefan-Legal_Praxis_14.jpg 1280w, https:\/\/mkgchirurgie-regensburg.de\/2016\/wp-content\/uploads\/2016\/08\/Dr.-Stefan-Legal_Praxis_14-300x199.jpg 300w, https:\/\/mkgchirurgie-regensburg.de\/2016\/wp-content\/uploads\/2016\/08\/Dr.-Stefan-Legal_Praxis_14-768x510.jpg 768w, https:\/\/mkgchirurgie-regensburg.de\/2016\/wp-content\/uploads\/2016\/08\/Dr.-Stefan-Legal_Praxis_14-1030x684.jpg 1030w, https:\/\/mkgchirurgie-regensburg.de\/2016\/wp-content\/uploads\/2016\/08\/Dr.-Stefan-Legal_Praxis_14-705x468.jpg 705w, https:\/\/mkgchirurgie-regensburg.de\/2016\/wp-content\/uploads\/2016\/08\/Dr.-Stefan-Legal_Praxis_14-450x299.jpg 450w\" sizes=\"(max-width: 1280px) 100vw, 1280px\" \/><\/div><\/li><li  class='avia-slideshow-slide av-1esjn1-34b52e83291fc02aa6254f385d071cc7__3  slide-4 slide-even'><div data-rel='slideshow-1' class='avia-slide-wrap '   ><img decoding=\"async\" class=\"wp-image-1277 avia-img-lazy-loading-not-1277\"  src=\"https:\/\/mkgchirurgie-regensburg.de\/2016\/wp-content\/uploads\/2016\/03\/Dr.-Stefan-Legal_Praxis_22.jpg\" width=\"1244\" height=\"829\" title='Dr.-Stefan-Legal_Praxis_22' alt=''  itemprop=\"thumbnailUrl\" srcset=\"https:\/\/mkgchirurgie-regensburg.de\/2016\/wp-content\/uploads\/2016\/03\/Dr.-Stefan-Legal_Praxis_22.jpg 1244w, https:\/\/mkgchirurgie-regensburg.de\/2016\/wp-content\/uploads\/2016\/03\/Dr.-Stefan-Legal_Praxis_22-300x200.jpg 300w, https:\/\/mkgchirurgie-regensburg.de\/2016\/wp-content\/uploads\/2016\/03\/Dr.-Stefan-Legal_Praxis_22-768x512.jpg 768w, https:\/\/mkgchirurgie-regensburg.de\/2016\/wp-content\/uploads\/2016\/03\/Dr.-Stefan-Legal_Praxis_22-1030x686.jpg 1030w, https:\/\/mkgchirurgie-regensburg.de\/2016\/wp-content\/uploads\/2016\/03\/Dr.-Stefan-Legal_Praxis_22-705x470.jpg 705w, https:\/\/mkgchirurgie-regensburg.de\/2016\/wp-content\/uploads\/2016\/03\/Dr.-Stefan-Legal_Praxis_22-450x300.jpg 450w\" sizes=\"(max-width: 1244px) 100vw, 1244px\" \/><\/div><\/li><li  class='avia-slideshow-slide av-1esjn1-34b52e83291fc02aa6254f385d071cc7__4  slide-5 slide-odd'><div data-rel='slideshow-1' class='avia-slide-wrap '   ><img decoding=\"async\" class=\"wp-image-1275 avia-img-lazy-loading-not-1275\"  src=\"https:\/\/mkgchirurgie-regensburg.de\/2016\/wp-content\/uploads\/2016\/03\/Dr.-Stefan-Legal_Praxis_24.jpg\" width=\"1244\" height=\"829\" title='Dr.-Stefan-Legal_Praxis_24' alt=''  itemprop=\"thumbnailUrl\" srcset=\"https:\/\/mkgchirurgie-regensburg.de\/2016\/wp-content\/uploads\/2016\/03\/Dr.-Stefan-Legal_Praxis_24.jpg 1244w, https:\/\/mkgchirurgie-regensburg.de\/2016\/wp-content\/uploads\/2016\/03\/Dr.-Stefan-Legal_Praxis_24-300x200.jpg 300w, https:\/\/mkgchirurgie-regensburg.de\/2016\/wp-content\/uploads\/2016\/03\/Dr.-Stefan-Legal_Praxis_24-768x512.jpg 768w, https:\/\/mkgchirurgie-regensburg.de\/2016\/wp-content\/uploads\/2016\/03\/Dr.-Stefan-Legal_Praxis_24-1030x686.jpg 1030w, https:\/\/mkgchirurgie-regensburg.de\/2016\/wp-content\/uploads\/2016\/03\/Dr.-Stefan-Legal_Praxis_24-705x470.jpg 705w, https:\/\/mkgchirurgie-regensburg.de\/2016\/wp-content\/uploads\/2016\/03\/Dr.-Stefan-Legal_Praxis_24-450x300.jpg 450w\" sizes=\"(max-width: 1244px) 100vw, 1244px\" \/><\/div><\/li><li  class='avia-slideshow-slide av-1esjn1-34b52e83291fc02aa6254f385d071cc7__5  slide-6 slide-even'><div data-rel='slideshow-1' class='avia-slide-wrap '   ><img decoding=\"async\" class=\"wp-image-1279 avia-img-lazy-loading-not-1279\"  src=\"https:\/\/mkgchirurgie-regensburg.de\/2016\/wp-content\/uploads\/2016\/03\/Dr.-Stefan-Legal_Praxis_26.jpg\" width=\"1244\" height=\"829\" title='Dr.-Stefan-Legal_Praxis_26' alt=''  itemprop=\"thumbnailUrl\" srcset=\"https:\/\/mkgchirurgie-regensburg.de\/2016\/wp-content\/uploads\/2016\/03\/Dr.-Stefan-Legal_Praxis_26.jpg 1244w, https:\/\/mkgchirurgie-regensburg.de\/2016\/wp-content\/uploads\/2016\/03\/Dr.-Stefan-Legal_Praxis_26-300x200.jpg 300w, https:\/\/mkgchirurgie-regensburg.de\/2016\/wp-content\/uploads\/2016\/03\/Dr.-Stefan-Legal_Praxis_26-768x512.jpg 768w, https:\/\/mkgchirurgie-regensburg.de\/2016\/wp-content\/uploads\/2016\/03\/Dr.-Stefan-Legal_Praxis_26-1030x686.jpg 1030w, https:\/\/mkgchirurgie-regensburg.de\/2016\/wp-content\/uploads\/2016\/03\/Dr.-Stefan-Legal_Praxis_26-705x470.jpg 705w, https:\/\/mkgchirurgie-regensburg.de\/2016\/wp-content\/uploads\/2016\/03\/Dr.-Stefan-Legal_Praxis_26-450x300.jpg 450w\" sizes=\"(max-width: 1244px) 100vw, 1244px\" \/><\/div><\/li><li  class='avia-slideshow-slide av-1esjn1-34b52e83291fc02aa6254f385d071cc7__6  slide-7 slide-odd'><div data-rel='slideshow-1' class='avia-slide-wrap '   ><img decoding=\"async\" class=\"wp-image-1276 avia-img-lazy-loading-not-1276\"  src=\"https:\/\/mkgchirurgie-regensburg.de\/2016\/wp-content\/uploads\/2016\/03\/Dr.-Stefan-Legal_Praxis_23.jpg\" width=\"1147\" height=\"788\" title='Dr.-Stefan-Legal_Praxis_23' alt=''  itemprop=\"thumbnailUrl\" srcset=\"https:\/\/mkgchirurgie-regensburg.de\/2016\/wp-content\/uploads\/2016\/03\/Dr.-Stefan-Legal_Praxis_23.jpg 1147w, https:\/\/mkgchirurgie-regensburg.de\/2016\/wp-content\/uploads\/2016\/03\/Dr.-Stefan-Legal_Praxis_23-300x206.jpg 300w, https:\/\/mkgchirurgie-regensburg.de\/2016\/wp-content\/uploads\/2016\/03\/Dr.-Stefan-Legal_Praxis_23-768x528.jpg 768w, https:\/\/mkgchirurgie-regensburg.de\/2016\/wp-content\/uploads\/2016\/03\/Dr.-Stefan-Legal_Praxis_23-1030x708.jpg 1030w, https:\/\/mkgchirurgie-regensburg.de\/2016\/wp-content\/uploads\/2016\/03\/Dr.-Stefan-Legal_Praxis_23-705x484.jpg 705w, https:\/\/mkgchirurgie-regensburg.de\/2016\/wp-content\/uploads\/2016\/03\/Dr.-Stefan-Legal_Praxis_23-450x309.jpg 450w\" sizes=\"(max-width: 1147px) 100vw, 1147px\" \/><\/div><\/li><\/ul><div class='avia-slideshow-arrows avia-slideshow-controls' ><a href='#prev' class='prev-slide ' aria-hidden='true' data-av_icon='\ue87c' data-av_iconfont='entypo-fontello'  tabindex='-1'>Zur\u00fcck<\/a><a href='#next' class='next-slide ' aria-hidden='true' data-av_icon='\ue87d' data-av_iconfont='entypo-fontello'  tabindex='-1'>Weiter<\/a><\/div><\/div>\n<\/div><\/div><\/div>\n","protected":false},"excerpt":{"rendered":"","protected":false},"author":1,"featured_media":0,"parent":0,"menu_order":0,"comment_status":"closed","ping_status":"closed","template":"","meta":[],"_links":{"self":[{"href":"https:\/\/mkgchirurgie-regensburg.de\/2016\/wp-json\/wp\/v2\/pages\/621"}],"collection":[{"href":"https:\/\/mkgchirurgie-regensburg.de\/2016\/wp-json\/wp\/v2\/pages"}],"about":[{"href":"https:\/\/mkgchirurgie-regensburg.de\/2016\/wp-json\/wp\/v2\/types\/page"}],"author":[{"embeddable":true,"href":"https:\/\/mkgchirurgie-regensburg.de\/2016\/wp-json\/wp\/v2\/users\/1"}],"replies":[{"embeddable":true,"href":"https:\/\/mkgchirurgie-regensburg.de\/2016\/wp-json\/wp\/v2\/comments?post=621"}],"version-history":[{"count":92,"href":"https:\/\/mkgchirurgie-regensburg.de\/2016\/wp-json\/wp\/v2\/pages\/621\/revisions"}],"predecessor-version":[{"id":1825,"href":"https:\/\/mkgchirurgie-regensburg.de\/2016\/wp-json\/wp\/v2\/pages\/621\/revisions\/1825"}],"wp:attachment":[{"href":"https:\/\/mkgchirurgie-regensburg.de\/2016\/wp-json\/wp\/v2\/media?parent=621"}],"curies":[{"name":"wp","href":"https:\/\/api.w.org\/{rel}","templated":true}]}}